{"id":2580,"date":"2023-06-09T09:54:15","date_gmt":"2023-06-09T09:54:15","guid":{"rendered":"https:\/\/citybaenken.dk\/forside\/"},"modified":"2025-02-10T12:54:52","modified_gmt":"2025-02-10T12:54:52","slug":"forside","status":"publish","type":"page","link":"https:\/\/citybaenken.dk\/fr\/","title":{"rendered":"Forside"},"content":{"rendered":"<div class=\"block block-hero alignwide\" id=\"block-hero-block_6756708b1933ca59d145cc96476d7a33\">\n    <div class=\"w-100 gx-0\">\n        <div class=\"d-flex\">\n            <div class=\"w-100 relative device-height-calc\">\n                \n                                            <div class=\"image-wrapper relative\">\n                            <div class=\"overlay dark\"><\/div>\n                            <img loading=\"lazy\" decoding=\"async\" width=\"1512\" height=\"982\" src=\"https:\/\/citybaenken.dk\/wp-content\/uploads\/2023\/06\/image-7.png\" class=\"hero-image\" alt=\"\" srcset=\"https:\/\/citybaenken.dk\/wp-content\/uploads\/2023\/06\/image-7.png 1512w, https:\/\/citybaenken.dk\/wp-content\/uploads\/2023\/06\/image-7-300x195.png 300w, https:\/\/citybaenken.dk\/wp-content\/uploads\/2023\/06\/image-7-1024x665.png 1024w, https:\/\/citybaenken.dk\/wp-content\/uploads\/2023\/06\/image-7-768x499.png 768w\" sizes=\"auto, (max-width: 1512px) 100vw, 1512px\" \/>\n                        <\/div>\n                        <div class=\"text-content grid-padding\">\n                                                            <div class=\"headline text-1 pb-4 md-pb-8\">\n                                    City B\u00e6nken                                <\/div>\n                                                                                        <div class=\"textarea text-5\">\n                                    En lien avec le 100e anniversaire de Nanna Ditzel, le City Bench est relanc\u00e9 dans une \u00e9dition tr\u00e8s sp\u00e9ciale et limit\u00e9e, avec une combinaison de couleurs unique.                                <\/div>\n                            \n                            <div class=\"scroll-box-wrapper\">\n                                                                <div class=\"row\">\n                                    <div class=\"col-12\">\n                                        <a class=\"anchorPoint\" href=\"\">\n                                            <div class=\"scrollbox\">\n                                                <div class=\"scrolling-words-container\">\n                                                    <div class=\"scrolling-words-box\">\n                                                        <ul class=\"scroll-ul-container\">\n                                                            <li>Explorer le banc <svg width=\"13\" height=\"8\" viewBox=\"0 0 13 8\" fill=\"none\" xmlns=\"http:\/\/www.w3.org\/2000\/svg\">\n                                                                    <path d=\"M1 1L6.5 6.5L12 1\" stroke=\"white\" \/>\n                                                                <\/svg><\/li>\n                                                            <li>Explorer le banc <svg width=\"13\" height=\"8\" viewBox=\"0 0 13 8\" fill=\"none\" xmlns=\"http:\/\/www.w3.org\/2000\/svg\">\n                                                                    <path d=\"M1 1L6.5 6.5L12 1\" stroke=\"white\" \/>\n                                                                <\/svg><\/li>\n                                                            <li>Explorer le banc <svg width=\"13\" height=\"8\" viewBox=\"0 0 13 8\" fill=\"none\" xmlns=\"http:\/\/www.w3.org\/2000\/svg\">\n                                                                    <path d=\"M1 1L6.5 6.5L12 1\" stroke=\"white\" \/>\n                                                                <\/svg><\/li>\n                                                            <li>Explorer le banc <svg width=\"13\" height=\"8\" viewBox=\"0 0 13 8\" fill=\"none\" xmlns=\"http:\/\/www.w3.org\/2000\/svg\">\n                                                                    <path d=\"M1 1L6.5 6.5L12 1\" stroke=\"white\" \/>\n                                                                <\/svg><\/li>\n                                                            <li>Explorer le banc <svg width=\"13\" height=\"8\" viewBox=\"0 0 13 8\" fill=\"none\" xmlns=\"http:\/\/www.w3.org\/2000\/svg\">\n                                                                    <path d=\"M1 1L6.5 6.5L12 1\" stroke=\"white\" \/>\n                                                                <\/svg><\/li>\n                                                        <\/ul>\n\n\n                                                    <\/div>\n                                                <\/div>\n                                            <\/div>\n                                        <\/a>\n                                    <\/div>\n                                <\/div>\n                            <\/div>\n                        <\/div>\n                                    \n\n\n\n            <\/div>\n        <\/div>\n    <\/div>\n<\/div>\n\n<div class=\"block background-gradient block-slider alignwide glide-element\" id=\"block-slider-block_3b9546d64435dae38932a611406e8d9e\" x-data=\"{ shown: false }\" x-intersect=\"shown = true\" :class=\"{ 'glide-up': shown }\" style=\"background:  !important;\">\n    <div class=\"container-fluid gx-0 relative grid-padding\">\n        <div class=\"image-slider-wrapper relative col-12 col-md-6 offset-md-3 offset-md-right-3\">\n            <div class=\"image-slider-content\">\n                                                                                        <div class=\"image-slider-item relative\">\n                                <div class=\"image-slider-overlay background-dark\"><\/div>\n                                <img loading=\"lazy\" decoding=\"async\" width=\"1000\" height=\"1000\" src=\"https:\/\/citybaenken.dk\/wp-content\/uploads\/2023\/06\/AK15960.png\" class=\"slider-image object-fit-cover\" alt=\"\" srcset=\"https:\/\/citybaenken.dk\/wp-content\/uploads\/2023\/06\/AK15960.png 1000w, https:\/\/citybaenken.dk\/wp-content\/uploads\/2023\/06\/AK15960-300x300.png 300w, https:\/\/citybaenken.dk\/wp-content\/uploads\/2023\/06\/AK15960-150x150.png 150w, https:\/\/citybaenken.dk\/wp-content\/uploads\/2023\/06\/AK15960-768x768.png 768w\" sizes=\"auto, (max-width: 1000px) 100vw, 1000px\" \/>                            <\/div>\n                                                                                                <div class=\"image-slider-item relative\">\n                                <div class=\"image-slider-overlay background-dark\"><\/div>\n                                <img loading=\"lazy\" decoding=\"async\" width=\"1000\" height=\"1000\" src=\"https:\/\/citybaenken.dk\/wp-content\/uploads\/2023\/06\/AK15974.png\" class=\"slider-image object-fit-cover\" alt=\"\" srcset=\"https:\/\/citybaenken.dk\/wp-content\/uploads\/2023\/06\/AK15974.png 1000w, https:\/\/citybaenken.dk\/wp-content\/uploads\/2023\/06\/AK15974-300x300.png 300w, https:\/\/citybaenken.dk\/wp-content\/uploads\/2023\/06\/AK15974-150x150.png 150w, https:\/\/citybaenken.dk\/wp-content\/uploads\/2023\/06\/AK15974-768x768.png 768w\" sizes=\"auto, (max-width: 1000px) 100vw, 1000px\" \/>                            <\/div>\n                                                                                                <div class=\"image-slider-item relative\">\n                                <div class=\"image-slider-overlay background-dark\"><\/div>\n                                <img loading=\"lazy\" decoding=\"async\" width=\"1000\" height=\"1000\" src=\"https:\/\/citybaenken.dk\/wp-content\/uploads\/2023\/06\/AK15969-1.png\" class=\"slider-image object-fit-cover\" alt=\"\" srcset=\"https:\/\/citybaenken.dk\/wp-content\/uploads\/2023\/06\/AK15969-1.png 1000w, https:\/\/citybaenken.dk\/wp-content\/uploads\/2023\/06\/AK15969-1-300x300.png 300w, https:\/\/citybaenken.dk\/wp-content\/uploads\/2023\/06\/AK15969-1-150x150.png 150w, https:\/\/citybaenken.dk\/wp-content\/uploads\/2023\/06\/AK15969-1-768x768.png 768w\" sizes=\"auto, (max-width: 1000px) 100vw, 1000px\" \/>                            <\/div>\n                                                                                                <div class=\"image-slider-item relative\">\n                                <div class=\"image-slider-overlay background-dark\"><\/div>\n                                <img loading=\"lazy\" decoding=\"async\" width=\"692\" height=\"573\" src=\"https:\/\/citybaenken.dk\/wp-content\/uploads\/2023\/06\/AK15975-copy-1.png\" class=\"slider-image object-fit-cover\" alt=\"\" srcset=\"https:\/\/citybaenken.dk\/wp-content\/uploads\/2023\/06\/AK15975-copy-1.png 692w, https:\/\/citybaenken.dk\/wp-content\/uploads\/2023\/06\/AK15975-copy-1-300x248.png 300w\" sizes=\"auto, (max-width: 692px) 100vw, 692px\" \/>                            <\/div>\n                                                                                                <div class=\"image-slider-item relative\">\n                                <div class=\"image-slider-overlay background-dark\"><\/div>\n                                <img loading=\"lazy\" decoding=\"async\" width=\"1000\" height=\"1000\" src=\"https:\/\/citybaenken.dk\/wp-content\/uploads\/2023\/06\/AK15969-1.png\" class=\"slider-image object-fit-cover\" alt=\"\" srcset=\"https:\/\/citybaenken.dk\/wp-content\/uploads\/2023\/06\/AK15969-1.png 1000w, https:\/\/citybaenken.dk\/wp-content\/uploads\/2023\/06\/AK15969-1-300x300.png 300w, https:\/\/citybaenken.dk\/wp-content\/uploads\/2023\/06\/AK15969-1-150x150.png 150w, https:\/\/citybaenken.dk\/wp-content\/uploads\/2023\/06\/AK15969-1-768x768.png 768w\" sizes=\"auto, (max-width: 1000px) 100vw, 1000px\" \/>                            <\/div>\n                                                                        <\/div>\n        <\/div>\n        <div class=\"image-slider-controls d-flex justify-content-between w-100\">\n            <button aria-label=\"Image pr\u00e9c\u00e9dente\" class=\"d-flex align-items-center mr-8\">\n                <svg width=\"60\" height=\"60\" viewBox=\"0 0 60 60\" fill=\"none\" xmlns=\"http:\/\/www.w3.org\/2000\/svg\">\n<circle cx=\"30\" cy=\"30\" r=\"30\" fill=\"#E3E3E3\" fill-opacity=\"0.6\"\/>\n<path d=\"M32 22L24 30L32 38\" stroke=\"black\" stroke-opacity=\"0.3\" stroke-width=\"2\" stroke-linecap=\"round\" stroke-linejoin=\"round\"\/>\n<\/svg>\n            <\/button>\n            <button aria-label=\"Prochaine image\" class=\"d-flex align-items-center\">\n                <svg width=\"60\" height=\"60\" viewBox=\"0 0 60 60\" fill=\"none\" xmlns=\"http:\/\/www.w3.org\/2000\/svg\">\n<circle cx=\"30\" cy=\"30\" r=\"30\" fill=\"#E3E3E3\" fill-opacity=\"0.6\"\/>\n<path d=\"M28 38L36 30L28 22\" stroke=\"black\" stroke-opacity=\"0.3\" stroke-width=\"2\" stroke-linecap=\"round\" stroke-linejoin=\"round\"\/>\n<\/svg>\n            <\/button>\n        <\/div>\n\n\n        <div class=\"text-content text-white\">\n                            <div class=\"prose wysiwyg\">\n                    <p>Le banc anniversaire se compose de trois couleurs, soigneusement s\u00e9lectionn\u00e9es par Nanna Ditzel :<\/p>\n<p>&nbsp;<\/p>\n<p>Rose, jaune et orange.<\/p>\n                <\/div>\n                    <\/div>\n\n\n    <\/div>\n<\/div>\n\n<div class=\"block block-stor-tekst-med-cta alignwide\" id=\"block-stor-tekst-med-cta-block_0af5d318be2f248315cf82919f4b8a47\">\n    <div class=\"container-fluid grid-padding\">\n        <div class=\"row\">\n            <div class=\"col-12 col-md-8\">\n                                    <div class=\"prose wysiwyg text-3 big-text\">\n                        <p>Le banc de jardin a \u00e9t\u00e9 d\u00e9velopp\u00e9 et cr\u00e9\u00e9 en collaboration avec la designer danoise Nanna Ditzel en 1997. Elle est consid\u00e9r\u00e9e comme l&rsquo;une des designers les plus importantes et innovantes de Scandinavie. Nanna a con\u00e7u une s\u00e9rie de meubles d&rsquo;int\u00e9rieur. Cet embl\u00e9matique <code class=\"gradient-text\">City B\u00e6nk<\/code> est le seul banc en fonte d&rsquo;ext\u00e9rieur cr\u00e9\u00e9 par Nanna Ditzel.<\/p>\n                    <\/div>\n                \n                                    <div class=\"button-wrapper pt-6 pb-22 md-pb-0 md-pt-10\"> <a class=\"btn btn-primary\" href=\"https:\/\/wolffnordic.com\/products\/city-baenken-jubilaeum-version-design-nanna-ditzel\" target=\"_blank\" rel=\"noopener\">Acheter le banc City<\/a>\n                    <\/div>\n                \n            <\/div>\n            <div class=\"col-12 col-md-3 offset-md-1\">\n                                    <div class=\"image-wrapper small relative\">\n                        <img loading=\"lazy\" decoding=\"async\" width=\"338\" height=\"377\" src=\"https:\/\/citybaenken.dk\/wp-content\/uploads\/2023\/06\/image-2.png\" class=\"small-image\" alt=\"\" srcset=\"https:\/\/citybaenken.dk\/wp-content\/uploads\/2023\/06\/image-2.png 338w, https:\/\/citybaenken.dk\/wp-content\/uploads\/2023\/06\/image-2-269x300.png 269w\" sizes=\"auto, (max-width: 338px) 100vw, 338px\" \/>                    <\/div>\n                \n                \n                                    <div class=\"small-text pt-4\">\n                        Le City Bench a \u00e9t\u00e9 cr\u00e9\u00e9 en se basant sur les pens\u00e9es et les id\u00e9es de Nanna Ditzel de cr\u00e9er son propre univers paisible. Elle l&rsquo;a d\u00e9crit elle-m\u00eame ainsi : \u00ab\u00a0Le banc est con\u00e7u comme un espace ferm\u00e9 et devrait servir de cadre autour de ceux qui s&rsquo;y assoient.\u00a0\u00bb Ce cadre est particuli\u00e8rement visible dans le haut dossier et le beau motif pr\u00e8s des accoudoirs. Une forme qui l&rsquo;a inspir\u00e9e lors de ses voyages au Japon.                    <\/div>\n                \n            <\/div>\n\n\n\n        <\/div>\n    <\/div>\n<\/div>\n\n                \n<div class=\"block  block-usp alignwide\" id=\"block-usp-block_dff7cc4acae35ad0601e16688fce9a18\" style=\"background: #f7f7f7\">\n            <div class=\"container-fluid grid-padding\">\n            <div class=\"row\">\n                <div class=\"col-12 content\">\n                                            <div class=\"title text-4 font-600\">\n                            Dessins de conception originaux                        <\/div>\n                                                        <\/div>\n            <\/div>\n        <\/div>\n        <div class=\"container-fluid grid-padding\">\n        <div class=\"row repeater-wrap \">\n\n                                                <div class=\"col-12 col-md-4\">\n\n                                                    <div class=\"image-wrapper relative\">\n                                <img loading=\"lazy\" decoding=\"async\" width=\"456\" height=\"423\" src=\"https:\/\/citybaenken.dk\/wp-content\/uploads\/2023\/06\/Group-4.png\" class=\"usp-image\" alt=\"\" srcset=\"https:\/\/citybaenken.dk\/wp-content\/uploads\/2023\/06\/Group-4.png 456w, https:\/\/citybaenken.dk\/wp-content\/uploads\/2023\/06\/Group-4-300x278.png 300w\" sizes=\"auto, (max-width: 456px) 100vw, 456px\" \/>                            <\/div>\n                        \n                                                <div class=\"row flex-column\">\n                            <div class=\"usp-content  col-md-10 col-xl-8\">\n                                                                    <div class=\"headline text-6 font-600 pt-4 pb-2 md-pt-7 md-pb-4\">\n                                        Dossier haut                                    <\/div>\n                                                                                                    <div class=\"text\">\n                                        Le banc de 1997 se caract\u00e9rise par son dossier haut tr\u00e8s confortable qui, associ\u00e9 aux accoudoirs joliment courb\u00e9s, enveloppe l&rsquo;utilisateur du banc.                                    <\/div>\n                                \n\n\n                                \n\n                            <\/div>\n\n                        <\/div>\n                    <\/div>\n                                    <div class=\"col-12 col-md-4\">\n\n                                                    <div class=\"image-wrapper relative\">\n                                <img loading=\"lazy\" decoding=\"async\" width=\"800\" height=\"583\" src=\"https:\/\/citybaenken.dk\/wp-content\/uploads\/2023\/06\/NannaDitzelcitybaenk.png\" class=\"usp-image\" alt=\"\" srcset=\"https:\/\/citybaenken.dk\/wp-content\/uploads\/2023\/06\/NannaDitzelcitybaenk.png 800w, https:\/\/citybaenken.dk\/wp-content\/uploads\/2023\/06\/NannaDitzelcitybaenk-300x219.png 300w, https:\/\/citybaenken.dk\/wp-content\/uploads\/2023\/06\/NannaDitzelcitybaenk-768x560.png 768w\" sizes=\"auto, (max-width: 800px) 100vw, 800px\" \/>                            <\/div>\n                        \n                                                <div class=\"row flex-column\">\n                            <div class=\"usp-content  col-md-10 col-xl-8\">\n                                                                    <div class=\"headline text-6 font-600 pt-4 pb-2 md-pt-7 md-pb-4\">\n                                        Le ventilateur                                    <\/div>\n                                                                                                    <div class=\"text\">\n                                        La forme en \u00e9ventail tridimensionnelle sur les c\u00f4t\u00e9s exploite pleinement les propri\u00e9t\u00e9s fantastiques de la fonte.                                    <\/div>\n                                \n\n\n                                \n\n                            <\/div>\n\n                        <\/div>\n                    <\/div>\n                                    <div class=\"col-12 col-md-4\">\n\n                                                    <div class=\"image-wrapper relative\">\n                                <img loading=\"lazy\" decoding=\"async\" width=\"456\" height=\"423\" src=\"https:\/\/citybaenken.dk\/wp-content\/uploads\/2023\/06\/Group-3.png\" class=\"usp-image\" alt=\"\" srcset=\"https:\/\/citybaenken.dk\/wp-content\/uploads\/2023\/06\/Group-3.png 456w, https:\/\/citybaenken.dk\/wp-content\/uploads\/2023\/06\/Group-3-300x278.png 300w\" sizes=\"auto, (max-width: 456px) 100vw, 456px\" \/>                            <\/div>\n                        \n                                                <div class=\"row flex-column\">\n                            <div class=\"usp-content  col-md-10 col-xl-8\">\n                                                                    <div class=\"headline text-6 font-600 pt-4 pb-2 md-pt-7 md-pb-4\">\n                                        Le cadre                                    <\/div>\n                                                                                                    <div class=\"text\">\n                                        Le cadre est en fonte robuste, ce qui lui conf\u00e8re une longue dur\u00e9e de vie et une grande r\u00e9sistance, vous assurant ainsi un banc pour de nombreuses ann\u00e9es. Un banc vraiment unique pour votre jardin que vous et votre famille appr\u00e9cierez pendant de nombreuses ann\u00e9es, et les g\u00e9n\u00e9rations futures en garderont un souvenir durable.                                    <\/div>\n                                \n\n\n                                \n\n                            <\/div>\n\n                        <\/div>\n                    <\/div>\n                            \n        <\/div>\n    <\/div>\n<\/div>\n\n<div class=\"block block-billeder-eller-videoer alignwide\" id=\"block-billeder-eller-videoer-block_3272c1c817e770ba1d3e5ed9e452fa1e\">\n    <div class=\"container-fluid grid-padding\">\n        <div class=\"row justify-content-center \">\n            <div class=\"col-12 col-md-6\">\n                                    <div class=\"image-wrapper large relative\">\n                        <img loading=\"lazy\" decoding=\"async\" width=\"1000\" height=\"1000\" src=\"https:\/\/citybaenken.dk\/wp-content\/uploads\/2023\/06\/AK15979.png\" class=\"small-image\" alt=\"\" srcset=\"https:\/\/citybaenken.dk\/wp-content\/uploads\/2023\/06\/AK15979.png 1000w, https:\/\/citybaenken.dk\/wp-content\/uploads\/2023\/06\/AK15979-300x300.png 300w, https:\/\/citybaenken.dk\/wp-content\/uploads\/2023\/06\/AK15979-150x150.png 150w, https:\/\/citybaenken.dk\/wp-content\/uploads\/2023\/06\/AK15979-768x768.png 768w\" sizes=\"auto, (max-width: 1000px) 100vw, 1000px\" \/>                    <\/div>\n                                            <\/div>\n            <div class=\"col-8 offset-2 offset-right-2 col-md-4 offset-md-1 offset-md-right-1 d-flex justify-content-center align-items-center pt-12 md-pt-0\">\n                                    <div class=\"image-wrapper small relative\">\n                        <img loading=\"lazy\" decoding=\"async\" width=\"1000\" height=\"1000\" src=\"https:\/\/citybaenken.dk\/wp-content\/uploads\/2023\/06\/AK15993.png\" class=\"small-image\" alt=\"\" srcset=\"https:\/\/citybaenken.dk\/wp-content\/uploads\/2023\/06\/AK15993.png 1000w, https:\/\/citybaenken.dk\/wp-content\/uploads\/2023\/06\/AK15993-300x300.png 300w, https:\/\/citybaenken.dk\/wp-content\/uploads\/2023\/06\/AK15993-150x150.png 150w, https:\/\/citybaenken.dk\/wp-content\/uploads\/2023\/06\/AK15993-768x768.png 768w\" sizes=\"auto, (max-width: 1000px) 100vw, 1000px\" \/>                    <\/div>\n                                            <\/div>\n        <\/div>\n\n    <\/div>\n<\/div>\n\n<div class=\"block block-billede-eller-video alignwide\" id=\"block-billede-eller-video-block_94484ee957ca8a3c5c91f4845ea1a888\">\n    <div class=\"container-fluid gx-0\">\n        <div class=\"row\">\n            <div class=\"col-12 gx-0\">\n                \n                                    <div class=\"video-wrapper\">\n                        <video src=\"https:\/\/citybaenken.dk\/wp-content\/uploads\/2023\/06\/ND100-001.mp4\" height=\"270\" width=\"480\" poster=\"\" autoplay loop muted playsinline nocontrols>\n                        <\/video>\n                    <\/div>\n                            <\/div>\n        <\/div>\n    <\/div>\n<\/div>\n\n<div class=\"block block-quote alignwide\" id=\"block-quote-block_4af222230c23cfe0a31f07d6844058cf\">\n\n    <div class=\"container-fluid grid-padding\">\n        <div class=\"row relative\">\n                            <div class=\"col-8 offset-2 offset-right-2 col-md-4 offset-md-4 offset-md-right-4\">\n                    <div class=\"image-wrapper\">\n                        <img loading=\"lazy\" decoding=\"async\" width=\"455\" height=\"490\" src=\"https:\/\/citybaenken.dk\/wp-content\/uploads\/2023\/06\/image-11.png\" class=\"quote-image\" alt=\"\" srcset=\"https:\/\/citybaenken.dk\/wp-content\/uploads\/2023\/06\/image-11.png 455w, https:\/\/citybaenken.dk\/wp-content\/uploads\/2023\/06\/image-11-279x300.png 279w\" sizes=\"auto, (max-width: 455px) 100vw, 455px\" \/>                        <div class=\"row\">\n\n                        <\/div>\n                    <\/div>\n                <\/div>\n                                        <div class=\"col-12 col-md-10 quote-wrapper\">\n                    <div class=\"quote text-3 font-600\">\n                        \u00ab\u00a0Pour c\u00e9l\u00e9brer l&rsquo;h\u00e9ritage de Nanna Ditzel et ce qui aurait \u00e9t\u00e9 son 100e anniversaire, nous avons produit un nombre limit\u00e9 de ce banc finement color\u00e9.\u00a0\u00bb\n                    <\/div>\n                <\/div>\n                    <\/div>\n    <\/div>\n<\/div>\n\n                \n<div class=\"block link-padding block-usp alignwide\" id=\"block-usp-block_f751383eb3b9cb469bff6270d2ac1385\" style=\"background: #f7f7f7\">\n            <div class=\"container-fluid grid-padding\">\n            <div class=\"row\">\n                <div class=\"col-12 content\">\n                                            <div class=\"title text-4 font-600\">\n                            Un banc pour tous les go\u00fbts                        <\/div>\n                                                                <div class=\"tagline text-5\">\n                            Le banc est disponible en trois versions diff\u00e9rentes.                        <\/div>\n                                    <\/div>\n            <\/div>\n        <\/div>\n        <div class=\"container-fluid grid-padding\">\n        <div class=\"row repeater-wrap link-padding\">\n\n                                                <div class=\"col-12 col-md-4\">\n\n                                                    <div class=\"image-wrapper relative\">\n                                <img loading=\"lazy\" decoding=\"async\" width=\"3348\" height=\"3348\" src=\"https:\/\/citybaenken.dk\/wp-content\/uploads\/2023\/06\/AK16740-ren.png\" class=\"usp-image\" alt=\"\" srcset=\"https:\/\/citybaenken.dk\/wp-content\/uploads\/2023\/06\/AK16740-ren.png 3348w, https:\/\/citybaenken.dk\/wp-content\/uploads\/2023\/06\/AK16740-ren-300x300.png 300w, https:\/\/citybaenken.dk\/wp-content\/uploads\/2023\/06\/AK16740-ren-1024x1024.png 1024w, https:\/\/citybaenken.dk\/wp-content\/uploads\/2023\/06\/AK16740-ren-150x150.png 150w, https:\/\/citybaenken.dk\/wp-content\/uploads\/2023\/06\/AK16740-ren-768x768.png 768w, https:\/\/citybaenken.dk\/wp-content\/uploads\/2023\/06\/AK16740-ren-1536x1536.png 1536w, https:\/\/citybaenken.dk\/wp-content\/uploads\/2023\/06\/AK16740-ren-2048x2048.png 2048w\" sizes=\"auto, (max-width: 3348px) 100vw, 3348px\" \/>                            <\/div>\n                        \n                                                <div class=\"row flex-column\">\n                            <div class=\"usp-content link-padding col-md-10 col-xl-8\">\n                                                                    <div class=\"headline text-6 font-600 pt-4 pb-2 md-pt-7 md-pb-4\">\n                                        Banc en fonte pour deux personnes avec une finition en acajou laqu\u00e9 noir.                                    <\/div>\n                                                                                                    <div class=\"text\">\n                                        Con\u00e7u par Nanna Ditzel\r\n\r\nMat\u00e9riau : Fonte, acajou laqu\u00e9 noir\r\nDimensions : Longueur : 180 cm, Largeur : 70 cm, Hauteur : 75 cm\r\nPoids : 87 kg\r\n\r\n                                    <\/div>\n                                \n\n\n                                                                    <div class=\"button-wrapper dark pt-4 md-pt-8 pb-12 md-pb-0\">\n                                        <a class=\"btn btn-primary\" href=\"https:\/\/wolffnordic.com\/products\/city-baenken-designet-af-nanna-ditzel\" target=\"_blank\" rel=\"noopener\">Voir ici<\/a>\n                                    <\/div>\n                                \n\n                            <\/div>\n\n                        <\/div>\n                    <\/div>\n                                    <div class=\"col-12 col-md-4\">\n\n                                                    <div class=\"image-wrapper relative\">\n                                <img loading=\"lazy\" decoding=\"async\" width=\"1600\" height=\"1200\" src=\"https:\/\/citybaenken.dk\/wp-content\/uploads\/2023\/06\/IMG-20230102-WA0020.jpg\" class=\"usp-image\" alt=\"\" srcset=\"https:\/\/citybaenken.dk\/wp-content\/uploads\/2023\/06\/IMG-20230102-WA0020.jpg 1600w, https:\/\/citybaenken.dk\/wp-content\/uploads\/2023\/06\/IMG-20230102-WA0020-300x225.jpg 300w, https:\/\/citybaenken.dk\/wp-content\/uploads\/2023\/06\/IMG-20230102-WA0020-1024x768.jpg 1024w, https:\/\/citybaenken.dk\/wp-content\/uploads\/2023\/06\/IMG-20230102-WA0020-768x576.jpg 768w, https:\/\/citybaenken.dk\/wp-content\/uploads\/2023\/06\/IMG-20230102-WA0020-1536x1152.jpg 1536w\" sizes=\"auto, (max-width: 1600px) 100vw, 1600px\" \/>                            <\/div>\n                        \n                                                <div class=\"row flex-column\">\n                            <div class=\"usp-content link-padding col-md-10 col-xl-8\">\n                                                                    <div class=\"headline text-6 font-600 pt-4 pb-2 md-pt-7 md-pb-4\">\n                                        Banc en fonte pour deux personnes avec une finition en acajou laqu\u00e9 noir.                                    <\/div>\n                                                                                                    <div class=\"text\">\n                                        Con\u00e7u par Nanna Ditzel\r\n\r\nMat\u00e9riau : Fonte, acajou trait\u00e9 \u00e0 l&rsquo;huile\r\nDimensions : Longueur : 180 cm, Largeur : 70 cm, Hauteur : 75 cm\r\nPoids : 87 kg\r\n\r\n                                    <\/div>\n                                \n\n\n                                                                    <div class=\"button-wrapper dark pt-4 md-pt-8 pb-12 md-pb-0\">\n                                        <a class=\"btn btn-primary\" href=\"https:\/\/wolffnordic.com\/products\/city-baenk-stobejern-med-oliebehandlet-mahogni\" target=\"_blank\" rel=\"noopener\">Voir ici<\/a>\n                                    <\/div>\n                                \n\n                            <\/div>\n\n                        <\/div>\n                    <\/div>\n                                    <div class=\"col-12 col-md-4\">\n\n                                                    <div class=\"image-wrapper relative\">\n                                <img loading=\"lazy\" decoding=\"async\" width=\"2052\" height=\"2052\" src=\"https:\/\/citybaenken.dk\/wp-content\/uploads\/2023\/06\/ND100Baenk.png\" class=\"usp-image\" alt=\"\" srcset=\"https:\/\/citybaenken.dk\/wp-content\/uploads\/2023\/06\/ND100Baenk.png 2052w, https:\/\/citybaenken.dk\/wp-content\/uploads\/2023\/06\/ND100Baenk-300x300.png 300w, https:\/\/citybaenken.dk\/wp-content\/uploads\/2023\/06\/ND100Baenk-1024x1024.png 1024w, https:\/\/citybaenken.dk\/wp-content\/uploads\/2023\/06\/ND100Baenk-150x150.png 150w, https:\/\/citybaenken.dk\/wp-content\/uploads\/2023\/06\/ND100Baenk-768x768.png 768w, https:\/\/citybaenken.dk\/wp-content\/uploads\/2023\/06\/ND100Baenk-1536x1536.png 1536w, https:\/\/citybaenken.dk\/wp-content\/uploads\/2023\/06\/ND100Baenk-2048x2048.png 2048w\" sizes=\"auto, (max-width: 2052px) 100vw, 2052px\" \/>                            <\/div>\n                        \n                                                <div class=\"row flex-column\">\n                            <div class=\"usp-content link-padding col-md-10 col-xl-8\">\n                                                                    <div class=\"headline text-6 font-600 pt-4 pb-2 md-pt-7 md-pb-4\">\n                                        Version anniversaire &#8211; Banc en fonte pour deux personnes en jaune, orange et rose.                                    <\/div>\n                                                                                                    <div class=\"text\">\n                                        Con\u00e7u par Nanna Ditzel\r\n\r\nMat\u00e9riau : Fonte, acajou laqu\u00e9 aux couleurs de l&rsquo;\u00e9dition limit\u00e9e du 100e anniversaire. Ce banc est produit en quantit\u00e9 limit\u00e9e. Le banc de jardin sera disponible en comm\u00e9moration du 100e anniversaire de Nanna Ditzel.\r\nDimensions : Longueur : 180 cm, Largeur : 70 cm, Hauteur : 75 cm\r\nPoids : 87 kg\r\n                                    <\/div>\n                                \n\n\n                                                                    <div class=\"button-wrapper dark pt-4 md-pt-8 pb-12 md-pb-0\">\n                                        <a class=\"btn btn-primary\" href=\"https:\/\/wolffnordic.com\/products\/city-baenken-jubilaeum-version-design-nanna-ditzel\" target=\"_blank\" rel=\"noopener\">Voir ici<\/a>\n                                    <\/div>\n                                \n\n                            <\/div>\n\n                        <\/div>\n                    <\/div>\n                            \n        <\/div>\n    <\/div>\n<\/div>\n\n<div class=\"block block-spacer alignwide spacer-desktop-small spacer-mobile-small\" id=\"block-spacer-block_349079c5e73ad22d3220722d931958ef\">\n<\/div>\n\n\n\n<div class=\"block block-fifty-fifty alignwide\" id=\"block-fifty-fifty-block_0f0b49a6d6abf56294a43b0e7710bf5a\" style=\"background: #e080a6\">\n    <div class=\"container-fluid\">\n        <div class=\"row  flex-column-reverse flex-md-row-reverse\">\n            <div class=\"col-12 col-md-6 mt-auto content-wrapper flipped\">\n                                    <div class=\"headline text-4 font-600\">Du 28.09.2023 au 11.08.2024, une c\u00e9l\u00e9bration de l\u2019h\u00e9ritage de Nanna Ditzel dans le design scandinave a pris vie. L&rsquo;exposition pr\u00e9sentait, entre autres, cinq exemplaires de notre \u00e9l\u00e9gant banc de jardin.<\/div>\n                                                    <div class=\"text pt-2 md-pt-4 offset-md-right-4 offset-xl-right-6\">Nanna Ditzel a uni savoir-faire et inspiration dans un dialogue fluide entre artisanat, art et culture. De cette union sont n\u00e9es des formes reconnaissables entre toutes, t\u00e9moins d\u2019une vision en perp\u00e9tuelle recherche. Explorer son \u0153uvre, c\u2019\u00e9tait percevoir cette dynamique o\u00f9 la cr\u00e9ation ne se contente pas de r\u00e9p\u00e9ter, mais interroge, transforme et r\u00e9invente \u00e0 travers des sources multiples.\r\n\r\nL&rsquo;exposition a rendu hommage \u00e0 son h\u00e9ritage \u00e0 l&rsquo;occasion du centenaire de sa naissance en 2023. Jamais une r\u00e9trospective n\u2019avait autant embrass\u00e9 son parcours. Chaque pi\u00e8ce d\u00e9voilait un itin\u00e9raire nourri par les r\u00e9sonances de l\u2019art, de la culture, de la nature et du quotidien. Parmi ces \u0153uvres, plusieurs bancs embl\u00e9matiques. D\u00e8s l\u2019entr\u00e9e, l\u2019invitation \u00e9tait claire : s\u2019asseoir, ressentir, partager un instant sur le plus iconique des bancs de jardin danois.<\/div>\n                \n                                    <div class=\" button-wrapper pt-6 md-pt-8\">\n                        <a class=\"btn btn-primary\" href=\"https:\/\/wolffnordic.com\/products\/city-baenken-jubilaeum-version-design-nanna-ditzel\" target=\"_blank\" rel=\"noopener\">Achetez le banc ici.<\/a>\n\n                    <\/div>\n                \n            <\/div>\n            <div class=\"col-12 col-md-6\">\n                                                    <video src=\"https:\/\/citybaenken.dk\/wp-content\/uploads\/2023\/06\/ND100-nr-02-fade-nanna-ditzel.mp4\" height=\"270\" width=\"480\" poster=\"\" autoplay loop muted playsinline nocontrols>\n                    <\/video>\n                            <\/div>\n        <\/div>\n    <\/div>\n<\/div>\n\n<div class=\"block block-tekst-modul alignwide\" id=\"block-tekst-modul-block_e7212b5dbfb5d726721c7fdb56249443\">\n    <div class=\"container-fluid grid-padding\">\n        <div class=\"row\">\n            <div class=\"col-12 col-md-5 offset-md-2 offset-md-right-5\">\n                                    <div class=\"headline text-5 font-600\">\n                        \u00ab\u00a0Ce qui est consid\u00e9r\u00e9 comme juste doit \u00eatre fait correctement.\u00a0\u00bb                    <\/div>\n                                                    <div class=\"text pt-2 pt-md-4\">\n                        La composition originale des couleurs est recr\u00e9\u00e9e dans ce banc de jardin \u00e9l\u00e9gant. Le banc a \u00e9t\u00e9 initialement produit dans ces couleurs pour l&rsquo;exposition solo &lsquo;Byens Rum&rsquo; \u00e0 la Maison de l&rsquo;Art et de la Culture &#8211; \u00c6glageret \u00e0 Holb\u00e6k en 2003 et pour l&rsquo;exposition solo au Centre danois du design, \u00e0 Copenhague, en 2005.\r\n\r\nCe banc embl\u00e9matique de la Ville est l&rsquo;un des rares bancs d&rsquo;ext\u00e9rieur cr\u00e9\u00e9s par Nanna Ditzel, qui est consid\u00e9r\u00e9e comme l&rsquo;une des designers les plus importantes et innovantes de Scandinavie.\r\n\r\n\u00ab\u00a0Nanna Ditzel est c\u00e9l\u00e9br\u00e9e pour son style danois unique dans le monde du design. Ses cr\u00e9ations ont v\u00e9hicul\u00e9 un \u00e9quilibre sublime entre l&rsquo;esth\u00e9tique et la fonctionnalit\u00e9. Sa capacit\u00e9 unique \u00e0 combiner mat\u00e9riaux et formes a cr\u00e9\u00e9 des meubles et des int\u00e9rieurs intemporels qui continuent d&rsquo;inspirer et d&rsquo;enthousiasmer aujourd&rsquo;hui. Ses \u0153uvres \u00e9taient non seulement admir\u00e9es au Danemark, mais aussi \u00e0 l&rsquo;international, o\u00f9 elle a connu un grand succ\u00e8s et une grande reconnaissance. L&rsquo;h\u00e9ritage de Nanna Ditzel dans le design danois est ind\u00e9l\u00e9bile et continue d&rsquo;influencer les designers d&rsquo;aujourd&rsquo;hui et d&rsquo;inspirer les nouvelles g\u00e9n\u00e9rations d&rsquo;esprits cr\u00e9atifs. Tout au long de sa carri\u00e8re, Nanna Ditzel a marqu\u00e9 de mani\u00e8re significative l&rsquo;histoire du design danois, consolidant sa place en tant que l&rsquo;une des designers f\u00e9minines les plus influentes et admir\u00e9es au monde.\u00a0\u00bb                    <\/div>\n                            <\/div>\n        <\/div>\n    <\/div>\n<\/div>\n\n<div class=\"block block-fifty-fifty alignwide\" id=\"block-fifty-fifty-block_ef362e940edb63c0ef82a356027d8a83\" style=\"background: #e7c75c\">\n    <div class=\"container-fluid\">\n        <div class=\"row  \">\n            <div class=\"col-12 col-md-6 mt-auto content-wrapper \">\n                                    <div class=\"headline text-4 font-600\">Nanna Ditzel International<\/div>\n                                                    <div class=\"text pt-2 md-pt-4 offset-md-right-4 offset-xl-right-6\">Nanna Ditzel, une figure \u00e9minente du design danois, \u00e9tait une femme visionnaire qui a r\u00e9volutionn\u00e9 le mobilier et le design int\u00e9rieur. Ses cr\u00e9ations innovantes et fonctionnelles ont mis en valeur son esth\u00e9tique unique, faisant d&rsquo;elle une pionni\u00e8re du design danois c\u00e9l\u00e9br\u00e9e et une figure inspirante pour les femmes dans l&rsquo;industrie.<\/div>\n                \n                                    <div class=\" button-wrapper pt-6 md-pt-8\">\n                        <a class=\"btn btn-primary\" href=\"https:\/\/wolffstore.dk\/collections\/traedefliser\/products\/city-baenken-jubilaeum-version-design-nanna-ditzel\" target=\"_blank\" rel=\"noopener\">Achetez le banc ici.<\/a>\n\n                    <\/div>\n                \n            <\/div>\n            <div class=\"col-12 col-md-6\">\n                                    <div class=\"image-wrapper\">\n                        <img loading=\"lazy\" decoding=\"async\" width=\"1000\" height=\"1000\" src=\"https:\/\/citybaenken.dk\/wp-content\/uploads\/2023\/06\/AK15981.png\" class=\"\" alt=\"\" srcset=\"https:\/\/citybaenken.dk\/wp-content\/uploads\/2023\/06\/AK15981.png 1000w, https:\/\/citybaenken.dk\/wp-content\/uploads\/2023\/06\/AK15981-300x300.png 300w, https:\/\/citybaenken.dk\/wp-content\/uploads\/2023\/06\/AK15981-150x150.png 150w, https:\/\/citybaenken.dk\/wp-content\/uploads\/2023\/06\/AK15981-768x768.png 768w\" sizes=\"auto, (max-width: 1000px) 100vw, 1000px\" \/>                    <\/div>\n                                            <\/div>\n        <\/div>\n    <\/div>\n<\/div>\n\n<div class=\"block block-sticky-cta alignwide\" id=\"block-sticky-cta-block_8c89144bc757c9709b3109ef2b16b30d\">\n    <div class=\"container-fluid\">\n    <div class=\"row\">\n        <div class=\"col-12\">\n                            <div class=\"sticky-cta-wrapper\">\n                    <a class=\"sticky-cta\" href=\"https:\/\/wolffnordic.com\/products\/city-baenken-jubilaeum-version-design-nanna-ditzel\" target=\"_blank\" rel=\"noopener\">Achetez le banc ici.\n                                                    <div class=\"sticky-cta-image-wrapper\">\n                                <img loading=\"lazy\" decoding=\"async\" width=\"79\" height=\"42\" src=\"https:\/\/citybaenken.dk\/wp-content\/uploads\/2023\/06\/AK15965-copy-2.png\" class=\"sticky-cta-image\" alt=\"\" \/>                            <\/div>\n                        \n                    <\/a>\n\n                <\/div>\n                    <\/div>\n    <\/div>\n<\/div><\/div>","protected":false},"excerpt":{"rendered":"","protected":false},"author":2,"featured_media":0,"parent":0,"menu_order":0,"comment_status":"closed","ping_status":"closed","template":"","meta":{"inline_featured_image":false,"footnotes":""},"class_list":["post-2580","page","type-page","status-publish","hentry"],"acf":[],"_links":{"self":[{"href":"https:\/\/citybaenken.dk\/fr\/wp-json\/wp\/v2\/pages\/2580","targetHints":{"allow":["GET"]}}],"collection":[{"href":"https:\/\/citybaenken.dk\/fr\/wp-json\/wp\/v2\/pages"}],"about":[{"href":"https:\/\/citybaenken.dk\/fr\/wp-json\/wp\/v2\/types\/page"}],"author":[{"embeddable":true,"href":"https:\/\/citybaenken.dk\/fr\/wp-json\/wp\/v2\/users\/2"}],"replies":[{"embeddable":true,"href":"https:\/\/citybaenken.dk\/fr\/wp-json\/wp\/v2\/comments?post=2580"}],"version-history":[{"count":27,"href":"https:\/\/citybaenken.dk\/fr\/wp-json\/wp\/v2\/pages\/2580\/revisions"}],"predecessor-version":[{"id":2718,"href":"https:\/\/citybaenken.dk\/fr\/wp-json\/wp\/v2\/pages\/2580\/revisions\/2718"}],"wp:attachment":[{"href":"https:\/\/citybaenken.dk\/fr\/wp-json\/wp\/v2\/media?parent=2580"}],"curies":[{"name":"wp","href":"https:\/\/api.w.org\/{rel}","templated":true}]}}